{"id":330,"date":"2022-01-26T20:18:42","date_gmt":"2022-01-26T19:18:42","guid":{"rendered":"https:\/\/coconutwatershop.com\/privacy-policy\/"},"modified":"2022-02-24T16:00:43","modified_gmt":"2022-02-24T15:00:43","slug":"datenschutz-bestimmungen","status":"publish","type":"page","link":"https:\/\/coconutwatershop.com\/de\/datenschutz-bestimmungen\/","title":{"rendered":"Datenschutz-Bestimmungen"},"content":{"rendered":"<h2>Datenschutz-Bestimmungen<\/h2>\n<p><strong>(Geschrieben in ungarischer Sprache)<\/strong><\/p>\n<h3 class=\"p1\"><span class=\"s1\">A Dharma By Kova Kft. adatv\u00e9delmi ir\u00e1nyelvei<\/span><\/h3>\n<p>&nbsp;<\/p>\n<p class=\"p1\">A szem\u00e9lyes adatai \u00e9s ez\u00e1ltal az \u00d6n jogainak \u00e9s szabads\u00e1gainak v\u00e9delme \u00e9rdek\u00e9ben a Dharma By Kova Kft. minden \u00e9sszer\u0171 er\u0151fesz\u00edt\u00e9st megtesz. A Dharma By Kova Kft. elk\u00f6telezetten v\u00e9delmezi az \u00d6n szem\u00e9lyes adatait, \u00e9s felel\u0151ss\u00e9get v\u00e1llal az inform\u00e1ci\u00f3k biztons\u00e1g\u00e1ra. Adatkezel\u00e9seink a sz\u00fcks\u00e9gess\u00e9g, ar\u00e1nyoss\u00e1g \u00e9s alkalmass\u00e1g h\u00e1rmas elv\u00e9nek talaj\u00e1n \u00e1llnak. Adatkezel\u00e9si folyamataink tisztess\u00e9gesek \u00e9s \u00e1tl\u00e1that\u00f3ak.<\/p>\n<p class=\"p1\">Adatkezel\u00e9seinket az Eur\u00f3pai Uni\u00f3 \u00e9s a magyar adatv\u00e9delmi szab\u00e1lyoknak val\u00f3 legteljesebb megfelel\u00e9sek szerint v\u00e9gezz\u00fck!<\/p>\n<p class=\"p2\">T\u00f6rv\u00e9nyi hivatkoz\u00e1sok:<br \/>&#8211; 1995. \u00e9vi CXVII. t\u00f6rv\u00e9ny-a szem\u00e9lyi j\u00f6vedelemad\u00f3r\u00f3l.<br \/>&#8211; 1995. \u00e9vi CXIX. t\u00f6rv\u00e9ny (DMtv.) a kutat\u00e1s \u00e9s a k\u00f6zvetlen \u00fczletszerz\u00e9s c\u00e9lj\u00e1t szolg\u00e1l\u00f3 n\u00e9v- \u00e9s lakc\u00edmadatok kezel\u00e9s\u00e9r\u0151l.<br \/>&#8211; 1997. \u00e9vi LXXX. t\u00f6rv\u00e9ny (TBtv) &#8211; a t\u00e1rsadalombiztos\u00edt\u00e1s ell\u00e1t\u00e1saira \u00e9s a mag\u00e1nnyugd\u00edjra jogosultakr\u00f3l, valamint e szolg\u00e1ltat\u00e1sok fedezet\u00e9r\u0151l.<br \/>&#8211; 2001. \u00e9vi CVIII. t\u00f6rv\u00e9ny (Ekertv.) &#8211; az elektronikus kereskedelmi szolg\u00e1ltat\u00e1sok, valamint az inform\u00e1ci\u00f3s t\u00e1rsadalommal \u00f6sszef\u00fcgg\u0151 szolg\u00e1ltat\u00e1sok egyes k\u00e9rd\u00e9seir\u0151l.<br \/>&#8211; 2005. \u00e9vi LIII. t\u00f6rv\u00e9ny &#8211; az egy\u00e9nek v\u00e9delm\u00e9r\u0151l a szem\u00e9lyes adatok g\u00e9pi feldolgoz\u00e1sa sor\u00e1n, Strasbourgban, 1981. janu\u00e1r 28-\u00e1n kelt Egyezm\u00e9nynek a fel\u00fcgyel\u0151 hat\u00f3s\u00e1gokr\u00f3l \u00e9s a szem\u00e9lyes adatok orsz\u00e1ghat\u00e1rokat \u00e1tl\u00e9p\u0151 \u00e1raml\u00e1s\u00e1r\u00f3l sz\u00f3l\u00f3, Strasbourgban, 2001. november 8-\u00e1n kelt Kieg\u00e9sz\u00edt\u0151 Jegyz\u0151k\u00f6nyve kihirdet\u00e9s\u00e9r\u0151l a g\u00e9pi adatkezel\u00e9s felt\u00e9teleir\u0151l \u00e9s egyes korl\u00e1tair\u00f3l.<br \/>&#8211; 2008. \u00e9vi XLVIII. t\u00f6rv\u00e9ny (Grtv.) &#8211; a gazdas\u00e1gi rekl\u00e1mtev\u00e9kenys\u00e9g alapvet\u0151 2011. \u00e9vi CXII. t\u00f6rv\u00e9ny (Infotv.) &#8211; az inform\u00e1ci\u00f3s \u00f6nrendelkez\u00e9si jogr\u00f3l \u00e9s az inform\u00e1ci\u00f3szabads\u00e1gr\u00f3l.<br \/>&#8211; 2011. \u00e9vi CXII. t\u00f6rv\u00e9ny (Infotv.) az inform\u00e1ci\u00f3s \u00f6nrendelkez\u00e9si jogr\u00f3l \u00e9s az inform\u00e1ci\u00f3szabads\u00e1gr\u00f3l.<br \/>&#8211; 2012. \u00e9vi I. t\u00f6rv\u00e9ny &#8211; a munka t\u00f6rv\u00e9nyk\u00f6nyv\u00e9r\u0151l.<br \/>&#8211; AZ EUR\u00d3PAI PARLAMENT \u00c9S A TAN\u00c1CS (EU) 2016\/679 RENDELETE (GDPR).<\/p>\n<p>&nbsp;<\/p>\n<p class=\"p1\"><b>I. Fogalmak<\/b><\/p>\n<table cellspacing=\"0\" cellpadding=\"0\">\n<tbody>\n<tr>\n<td valign=\"middle\">\n<p><span style=\"color: #0f0f0f; font-family: Helvetica; font-size: small;\"><b>adatbiztons\u00e1g:<\/b><\/span><\/p>\n<\/td>\n<td valign=\"middle\">\n<p><span style=\"color: #0f0f0f; font-family: Helvetica; font-size: small;\">b\u00e1rmilyen t\u00e1rgy\u00fa, b\u00e1rmilyen form\u00e1ban t\u00e1rolt adatok fizikai v\u00e9delme megsemmis\u00fcl\u00e9s, illet\u00e9ktelen hozz\u00e1f\u00e9r\u00e9s, adathiba, vagy jogosulatlan megv\u00e1ltoztat\u00e1s ellen<\/span><\/p>\n<\/td>\n<\/tr>\n<tr>\n<td valign=\"middle\">\n<p><span style=\"color: #0f0f0f; font-family: Helvetica; font-size: small;\"><b>adatfeldolgoz\u00f3<\/b>:<\/span><\/p>\n<\/td>\n<td valign=\"middle\">\n<p><span style=\"color: #0f0f0f; font-family: Helvetica; font-size: small;\">az a term\u00e9szetes vagy jogi szem\u00e9ly, k\u00f6zhatalmi szerv, \u00fcgyn\u00f6ks\u00e9g vagy b\u00e1rmely egy\u00e9b szerv, amely az adatkezel\u0151 nev\u00e9ben szem\u00e9lyes adatokat kezel;<\/span><\/p>\n<\/td>\n<\/tr>\n<tr>\n<td valign=\"middle\">\n<p><span style=\"color: #0f0f0f; font-family: Helvetica; font-size: small;\"><b>adatkezel\u00e9s<\/b>:<\/span><\/p>\n<\/td>\n<td valign=\"middle\">\n<p><span style=\"color: #0f0f0f; font-family: Helvetica; font-size: small;\">a szem\u00e9lyes adatokon vagy adat\u00e1llom\u00e1nyokon automatiz\u00e1lt vagy nem automatiz\u00e1lt m\u00f3don v\u00e9gzett b\u00e1rmely m\u0171velet vagy m\u0171veletek \u00f6sszess\u00e9ge, \u00edgy a gy\u0171jt\u00e9s, r\u00f6gz\u00edt\u00e9s, rendszerez\u00e9s, tagol\u00e1s, t\u00e1rol\u00e1s, \u00e1talak\u00edt\u00e1s vagy megv\u00e1ltoztat\u00e1s, lek\u00e9rdez\u00e9s, betekint\u00e9s, felhaszn\u00e1l\u00e1s, k\u00f6zl\u00e9s, tov\u00e1bb\u00edt\u00e1s, terjeszt\u00e9s vagy egy\u00e9b m\u00f3don t\u00f6rt\u00e9n\u0151 hozz\u00e1f\u00e9rhet\u0151v\u00e9 t\u00e9tel \u00fatj\u00e1n, \u00f6sszehangol\u00e1s vagy \u00f6sszekapcsol\u00e1s, korl\u00e1toz\u00e1s, t\u00f6rl\u00e9s, illetve megsemmis\u00edt\u00e9s;<\/span><\/p>\n<\/td>\n<\/tr>\n<tr>\n<td valign=\"middle\">\n<p><span style=\"color: #0f0f0f; font-family: Helvetica; font-size: small;\"><b>adatkezel\u0151<\/b>:<\/span><\/p>\n<\/td>\n<td valign=\"middle\">\n<p><span style=\"color: #0f0f0f; font-family: Helvetica; font-size: small;\">az a term\u00e9szetes vagy jogi szem\u00e9ly, k\u00f6zhatalmi szerv, \u00fcgyn\u00f6ks\u00e9g vagy b\u00e1rmely egy\u00e9b szerv, amely a szem\u00e9lyes adatok kezel\u00e9s\u00e9nek c\u00e9ljait \u00e9s eszk\u00f6zeit \u00f6n\u00e1ll\u00f3an vagy m\u00e1sokkal egy\u00fctt meghat\u00e1rozza; ha az adatkezel\u00e9s c\u00e9ljait \u00e9s eszk\u00f6zeit az uni\u00f3s vagy a tag\u00e1llami jog hat\u00e1rozza meg, az adatkezel\u0151t vagy az adatkezel\u0151 kijel\u00f6l\u00e9s\u00e9re vonatkoz\u00f3 k\u00fcl\u00f6n\u00f6s szempontokat az uni\u00f3s vagy a tag\u00e1llami jog is meghat\u00e1rozhatja;<\/span><\/p>\n<\/td>\n<\/tr>\n<tr>\n<td valign=\"middle\">\n<p><span style=\"color: #0f0f0f; font-family: Helvetica; font-size: small;\"><b>adatkezel\u00e9s korl\u00e1toz\u00e1sa:<\/b><\/span><\/p>\n<\/td>\n<td valign=\"middle\">\n<p><span style=\"color: #0f0f0f; font-family: Helvetica; font-size: small;\">a t\u00e1rolt szem\u00e9lyes adatok megjel\u00f6l\u00e9se j\u00f6v\u0151beli kezel\u00e9s\u00fck korl\u00e1toz\u00e1sa c\u00e9lj\u00e1b\u00f3l; (csak adatt\u00e1rol\u00e1s)<\/span><\/p>\n<\/td>\n<\/tr>\n<tr>\n<td valign=\"middle\">\n<p><span style=\"color: #0f0f0f; font-family: Helvetica; font-size: small;\"><b>adatmegsemmis\u00edt\u00e9s<\/b>:<\/span><\/p>\n<\/td>\n<td valign=\"middle\">\n<p><span style=\"color: #0f0f0f; font-family: Helvetica; font-size: small;\">az adatokat tartalmaz\u00f3 adathordoz\u00f3 teljes fizikai megsemmis\u00edt\u00e9se<\/span><\/p>\n<\/td>\n<\/tr>\n<tr>\n<td valign=\"middle\">\n<p><span style=\"color: #0f0f0f; font-family: Helvetica; font-size: small;\"><b>adatt\u00f6rl\u00e9s<\/b>:<\/span><\/p>\n<\/td>\n<td valign=\"middle\">\n<p><span style=\"color: #0f0f0f; font-family: Helvetica; font-size: small;\">az adatok felismerhetetlenn\u00e9 t\u00e9tele oly m\u00f3don, hogy a helyre\u00e1ll\u00edt\u00e1suk t\u00f6bb\u00e9 nem lehets\u00e9ges<\/span><\/p>\n<\/td>\n<\/tr>\n<tr>\n<td valign=\"middle\">\n<p><span style=\"color: #0f0f0f; font-family: Helvetica; font-size: small;\"><b>adattov\u00e1bb\u00edt\u00e1s<\/b>:<\/span><\/p>\n<\/td>\n<td valign=\"middle\">\n<p><span style=\"color: #0f0f0f; font-family: Helvetica; font-size: small;\">az adat meghat\u00e1rozott harmadik f\u00e9l sz\u00e1m\u00e1ra hozz\u00e1f\u00e9rhet\u0151v\u00e9 t\u00e9tele<\/span><\/p>\n<\/td>\n<\/tr>\n<tr>\n<td valign=\"middle\">\n<p><span style=\"color: #0f0f0f; font-family: Helvetica; font-size: small;\"><b>adatv\u00e9delem:<\/b><\/span><\/p>\n<\/td>\n<td valign=\"middle\">\n<p><span style=\"color: #0f0f0f; font-family: Helvetica; font-size: small;\">szem\u00e9lyes adatok jogszer\u0171tlen kezel\u00e9s\u00e9nek megakad\u00e1lyoz\u00e1sa, a mag\u00e1nszf\u00e9ra v\u00e9delme<\/span><\/p>\n<\/td>\n<\/tr>\n<\/tbody>\n<\/table>\n<table cellspacing=\"0\" cellpadding=\"0\">\n<tbody>\n<tr>\n<td valign=\"middle\">\n<p><span style=\"color: #0f0f0f; font-family: Helvetica; font-size: small;\"><b>adatv\u00e9delmi incidens:<\/b><\/span><\/p>\n<\/td>\n<td valign=\"middle\">\n<p><span style=\"color: #0f0f0f; font-family: Helvetica; font-size: small;\">szem\u00e9lyes adat jogellenes kezel\u00e9se vagy feldolgoz\u00e1sa, \u00edgy k\u00fcl\u00f6n\u00f6sen a jogosulatlan hozz\u00e1f\u00e9r\u00e9s, megv\u00e1ltoztat\u00e1s, tov\u00e1bb\u00edt\u00e1s, nyilv\u00e1noss\u00e1gra hozatal, t\u00f6rl\u00e9s vagy megsemmis\u00edt\u00e9s, valamint a v\u00e9letlen megsemmis\u00fcl\u00e9s \u00e9s s\u00e9r\u00fcl\u00e9s<\/span><\/p>\n<\/td>\n<\/tr>\n<tr>\n<td valign=\"middle\">\n<p><span style=\"color: #0f0f0f; font-family: Helvetica; font-size: small;\"><b>biometrikus adat:<\/b><\/span><\/p>\n<\/td>\n<td valign=\"middle\">\n<p><span style=\"color: #0f0f0f; font-family: Helvetica; font-size: small;\">egy term\u00e9szetes szem\u00e9ly testi, fiziol\u00f3giai vagy viselked\u00e9si jellemz\u0151ire vonatkoz\u00f3 minden olyan saj\u00e1tos technikai elj\u00e1r\u00e1sokkal nyert szem\u00e9lyes adat, amely lehet\u0151v\u00e9 teszi vagy meger\u0151s\u00edti a term\u00e9szetes szem\u00e9ly egyedi azonos\u00edt\u00e1s\u00e1t, ilyen p\u00e9ld\u00e1ul az arck\u00e9p vagy a daktiloszk\u00f3piai adat;<\/span><\/p>\n<\/td>\n<\/tr>\n<tr>\n<td valign=\"middle\">\n<p><span style=\"color: #0f0f0f; font-family: Helvetica; font-size: small;\"><b>bizalmass\u00e1g:<\/b><\/span><\/p>\n<\/td>\n<td valign=\"middle\">\n<p><span style=\"color: #0f0f0f; font-family: Helvetica; font-size: small;\">az adatot csak az arra jogosultak \u00e9s csak a jogosults\u00e1guk szerint ismerhetik meg, haszn\u00e1lhatj\u00e1k fel, illetve rendelkezhetnek a felhaszn\u00e1l\u00e1s\u00e1r\u00f3l<\/span><\/p>\n<\/td>\n<\/tr>\n<tr>\n<td valign=\"middle\">\n<p><span style=\"color: #0f0f0f; font-family: Helvetica; font-size: small;\"><b>c\u00edmzett:<\/b><\/span><\/p>\n<\/td>\n<td valign=\"middle\">\n<p><span style=\"color: #0f0f0f; font-family: Helvetica; font-size: small;\">az a term\u00e9szetes vagy jogi szem\u00e9ly, k\u00f6zhatalmi szerv, \u00fcgyn\u00f6ks\u00e9g vagy b\u00e1rmely egy\u00e9b szerv, akivel vagy amellyel a szem\u00e9lyes adatot k\u00f6zlik, f\u00fcggetlen\u00fcl att\u00f3l, hogy harmadik f\u00e9l-e.<\/span><\/p>\n<\/td>\n<\/tr>\n<tr>\n<td valign=\"middle\">\n<p><span style=\"color: #0f0f0f; font-family: Helvetica; font-size: small;\"><b>eg\u00e9szs\u00e9g\u00fcgyi adat:<\/b><\/span><\/p>\n<\/td>\n<td valign=\"middle\">\n<p><span style=\"color: #0f0f0f; font-family: Helvetica; font-size: small;\">egy term\u00e9szetes szem\u00e9ly testi vagy pszichikai eg\u00e9szs\u00e9gi \u00e1llapot\u00e1ra vonatkoz\u00f3 szem\u00e9lyes adat, ide\u00e9rtve a term\u00e9szetes szem\u00e9ly sz\u00e1m\u00e1ra ny\u00fajtott eg\u00e9szs\u00e9g\u00fcgyi szolg\u00e1ltat\u00e1sokra vonatkoz\u00f3 olyan adatot is, amely inform\u00e1ci\u00f3t hordoz a term\u00e9szetes szem\u00e9ly eg\u00e9szs\u00e9gi \u00e1llapot\u00e1r\u00f3l;<\/span><\/p>\n<\/td>\n<\/tr>\n<tr>\n<td valign=\"middle\">\n<p><span style=\"color: #0f0f0f; font-family: Helvetica; font-size: small;\"><b>\u00e9rintett:<\/b><\/span><\/p>\n<\/td>\n<td valign=\"middle\">\n<p><span style=\"color: #0f0f0f; font-family: Helvetica; font-size: small;\">b\u00e1rmely meghat\u00e1rozott, szem\u00e9lyes adat alapj\u00e1n azonos\u00edtott vagy &#8211; k\u00f6zvetlen\u00fcl vagy k\u00f6zvetve &#8211; azonos\u00edthat\u00f3 term\u00e9szetes szem\u00e9ly;<\/span><\/p>\n<\/td>\n<\/tr>\n<tr>\n<td valign=\"middle\">\n<p><span style=\"color: #0f0f0f; font-family: Helvetica; font-size: small;\"><b>harmadik<\/b> <b>f\u00e9l<\/b>:<\/span><\/p>\n<\/td>\n<td valign=\"middle\">\n<p><span style=\"color: #0f0f0f; font-family: Helvetica; font-size: small;\">az a term\u00e9szetes vagy jogi szem\u00e9ly, k\u00f6zhatalmi szerv, \u00fcgyn\u00f6ks\u00e9g vagy b\u00e1rmely egy\u00e9b szerv, amely nem azonos az \u00e9rintettel, az adatkezel\u0151vel, az adatfeldolgoz\u00f3val vagy azokkal a szem\u00e9lyekkel, akik az adatkezel\u0151 vagy adatfeldolgoz\u00f3 k\u00f6zvetlen ir\u00e1ny\u00edt\u00e1sa alatt a szem\u00e9lyes adatok kezel\u00e9s\u00e9re felhatalmaz\u00e1st kaptak;<\/span><\/p>\n<\/td>\n<\/tr>\n<tr>\n<td valign=\"middle\">\n<p><span style=\"color: #0f0f0f; font-family: Helvetica; font-size: small;\"><b>harmadik orsz\u00e1g:<\/b><\/span><\/p>\n<\/td>\n<td valign=\"middle\">\n<p><span style=\"color: #0f0f0f; font-family: Helvetica; font-size: small;\">minden olyan \u00e1llam, amely nem EGT-\u00e1llam<\/span><\/p>\n<\/td>\n<\/tr>\n<tr>\n<td valign=\"middle\">\n<p><span style=\"color: #0f0f0f; font-family: Helvetica; font-size: small;\"><b>hozz\u00e1j\u00e1rul\u00e1s<\/b><\/span><\/p>\n<\/td>\n<td valign=\"middle\">\n<p><span style=\"color: #0f0f0f; font-family: Helvetica; font-size: small;\">az \u00e9rintett akarat\u00e1nak \u00f6nk\u00e9ntes, konkr\u00e9t \u00e9s megfelel\u0151 t\u00e1j\u00e9koztat\u00e1son alapul\u00f3 \u00e9s egy\u00e9rtelm\u0171 kinyilv\u00e1n\u00edt\u00e1sa, amellyel az \u00e9rintett nyilatkozat vagy a meger\u0151s\u00edt\u00e9st f\u00e9lre\u00e9rthetetlen\u00fcl kifejez\u0151 cselekedet \u00fatj\u00e1n jelzi, hogy beleegyez\u00e9s\u00e9t adja az \u0151t \u00e9rint\u0151 szem\u00e9lyes adatok kezel\u00e9s\u00e9hez;<\/span><\/p>\n<\/td>\n<\/tr>\n<tr>\n<td valign=\"middle\">\n<p><span style=\"color: #0f0f0f; font-family: Helvetica; font-size: small;\"><b>k\u00fcl\u00f6nleges adat<\/b>:<\/span><\/p>\n<\/td>\n<td valign=\"middle\">\n<p><span style=\"color: #0f0f0f; font-family: Helvetica; font-size: small;\">A faji vagy etnikai sz\u00e1rmaz\u00e1sra, politikai v\u00e9lem\u00e9nyre, vall\u00e1si vagy vil\u00e1gn\u00e9zeti meggy\u0151z\u0151d\u00e9sre vagy szakszervezeti tags\u00e1gra utal\u00f3 szem\u00e9lyes adatok, valamint a term\u00e9szetes szem\u00e9lyek egyedi azonos\u00edt\u00e1s\u00e1t c\u00e9lz\u00f3 genetikai \u00e9s biometrikus adatok, az eg\u00e9szs\u00e9g\u00fcgyi adatok \u00e9s a term\u00e9szetes szem\u00e9lyek szexu\u00e1lis \u00e9let\u00e9re vagy szexu\u00e1lis ir\u00e1nyults\u00e1g\u00e1ra vonatkoz\u00f3 szem\u00e9lyes adatok<\/span><\/p>\n<\/td>\n<\/tr>\n<tr>\n<td valign=\"middle\">\n<p><span style=\"color: #0f0f0f; font-family: Helvetica; font-size: small;\"><b>nyilv\u00e1ntart\u00e1si rendszer:<\/b><\/span><\/p>\n<\/td>\n<td valign=\"middle\">\n<p><span style=\"color: #0f0f0f; font-family: Helvetica; font-size: small;\">a szem\u00e9lyes adatok b\u00e1rmely m\u00f3don \u2013 centraliz\u00e1lt, decentraliz\u00e1lt vagy funkcion\u00e1lis vagy f\u00f6ldrajzi szempontok szerint \u2013 tagolt \u00e1llom\u00e1nya, amely meghat\u00e1rozott ism\u00e9rvek alapj\u00e1n hozz\u00e1f\u00e9rhet\u0151;<\/span><\/p>\n<\/td>\n<\/tr>\n<tr>\n<td valign=\"middle\">\n<p><span style=\"color: #0f0f0f; font-family: Helvetica; font-size: small;\"><b>statisztikai adat<\/b>:<\/span><\/p>\n<\/td>\n<td valign=\"middle\">\n<p><span style=\"color: #0f0f0f; font-family: Helvetica; font-size: small;\">a szem\u00e9lyes adatok feldolgoz\u00e1sa olyan m\u00f3don \u2013 pl.: statisztikai m\u00f3dszerekkel -, hogy az adatt\u00f6rl\u00e9sre vonatkoz\u00f3 rendelkez\u00e9sek \u00e9rv\u00e9nyes\u00fclnek, azaz az egyes szem\u00e9lyekkel minden kapcsolatuk megszakadt, \u00e9s ez a kapcsolat nem is \u00e1ll\u00edthat\u00f3 helyre<\/span><\/p>\n<\/td>\n<\/tr>\n<tr>\n<td valign=\"middle\">\n<p><span style=\"color: #0f0f0f; font-family: Helvetica; font-size: small;\"><b>rendelkez\u00e9sre \u00e1ll\u00e1s<\/b>:<\/span><\/p>\n<\/td>\n<td valign=\"middle\">\n<p><span style=\"color: #0f0f0f; font-family: Helvetica; font-size: small;\">annak biztos\u00edt\u00e1sa, hogy a sz\u00fcks\u00e9ges adat a sz\u00fcks\u00e9ges id\u0151ben az arra jogosultak sz\u00e1m\u00e1ra az \u00e1ltaluk elv\u00e1rt form\u00e1ban hozz\u00e1f\u00e9rhet\u0151, el\u00e9rhet\u0151 legyen<\/span><\/p>\n<\/td>\n<\/tr>\n<tr>\n<td valign=\"middle\">\n<p><span style=\"color: #0f0f0f; font-family: Helvetica; font-size: small;\"><b>s\u00e9rtetlens\u00e9g<\/b>:<\/span><\/p>\n<\/td>\n<td valign=\"middle\">\n<p><span style=\"color: #0f0f0f; font-family: Helvetica; font-size: small;\">az adat l\u00e9t\u00e9nek, hiteless\u00e9g\u00e9nek, \u00e9ps\u00e9g\u00e9nek, \u00f6nmag\u00e1ban teljess\u00e9g\u00e9nek krit\u00e9riuma<\/span><\/p>\n<\/td>\n<\/tr>\n<tr>\n<td valign=\"middle\">\n<p><span style=\"color: #0f0f0f; font-family: Helvetica; font-size: small;\"><b>szem\u00e9lyes adat<\/b>:<\/span><\/p>\n<\/td>\n<td valign=\"middle\">\n<p><span style=\"color: #0f0f0f; font-family: Helvetica; font-size: small;\">azonos\u00edtott vagy azonos\u00edthat\u00f3 term\u00e9szetes szem\u00e9lyre (\u201e\u00e9rintett\u201d) vonatkoz\u00f3 b\u00e1rmely inform\u00e1ci\u00f3; azonos\u00edthat\u00f3 az a term\u00e9szetes szem\u00e9ly, aki k\u00f6zvetlen vagy k\u00f6zvetett m\u00f3don, k\u00fcl\u00f6n\u00f6sen valamely azonos\u00edt\u00f3, p\u00e9ld\u00e1ul n\u00e9v, sz\u00e1m, helymeghat\u00e1roz\u00f3 adat, online azonos\u00edt\u00f3 vagy a term\u00e9szetes szem\u00e9ly testi, fiziol\u00f3giai, genetikai, szellemi, gazdas\u00e1gi, kultur\u00e1lis vagy szoci\u00e1lis azonoss\u00e1g\u00e1ra vonatkoz\u00f3 egy vagy t\u00f6bb t\u00e9nyez\u0151 alapj\u00e1n azonos\u00edthat\u00f3;<\/span><\/p>\n<\/td>\n<\/tr>\n<tr>\n<td valign=\"middle\">\n<p><span style=\"color: #0f0f0f; font-family: Helvetica; font-size: small;\"><b>nyilv\u00e1noss\u00e1gra hozatal<\/b>:<\/span><\/p>\n<\/td>\n<td valign=\"middle\">\n<p><span style=\"color: #0f0f0f; font-family: Helvetica; font-size: small;\">az adat b\u00e1rki sz\u00e1m\u00e1ra hozz\u00e1f\u00e9rhet\u0151v\u00e9 t\u00e9tele<\/span><\/p>\n<\/td>\n<\/tr>\n<\/tbody>\n<\/table>\n<table cellspacing=\"0\" cellpadding=\"0\">\n<tbody>\n<tr>\n<td valign=\"middle\">\n<p><span style=\"color: #0f0f0f; font-family: Helvetica; font-size: small;\"><b>tiltakoz\u00e1s<\/b>:<\/span><\/p>\n<\/td>\n<td valign=\"middle\">\n<p><span style=\"color: #0f0f0f; font-family: Helvetica; font-size: small;\">az \u00e9rintett nyilatkozata. amelyben \u00e9l a jogosults\u00e1g\u00e1val, hogy a saj\u00e1t helyzet\u00e9vel kapcsolatos okokb\u00f3l b\u00e1rmikor tiltakozzon szem\u00e9lyes adatainak a GDPR 6. cikk (1) bekezd\u00e9s\u00e9nek e) vagy f) pontj\u00e1n alapul\u00f3 kezel\u00e9se ellen, ide\u00e9rtve az eml\u00edtett rendelkez\u00e9seken alapul\u00f3 profilalkot\u00e1st is. Ebben az esetben az adatkezel\u0151 a szem\u00e9lyes adatokat nem kezelheti tov\u00e1bb, kiv\u00e9ve, ha az adatkezel\u0151 bizony\u00edtja, hogy az adatkezel\u00e9st olyan k\u00e9nyszer\u00edt\u0151 erej\u0171 jogos okok indokolj\u00e1k, amelyek els\u0151bbs\u00e9get \u00e9lveznek az \u00e9rintett \u00e9rdekeivel, jogaival \u00e9s szabads\u00e1gaival szemben, vagy amelyek jogi ig\u00e9nyek el\u0151terjeszt\u00e9s\u00e9hez, \u00e9rv\u00e9nyes\u00edt\u00e9s\u00e9hez vagy v\u00e9delm\u00e9hez kapcsol\u00f3dnak.<\/span><\/p>\n<\/td>\n<\/tr>\n<\/tbody>\n<\/table>\n<p>&nbsp;<\/p>\n<p class=\"p1\"><b>II. Ki az adatkezel\u0151?<br \/><\/b>II.1. Az adatkezel\u0151 neve: Dharma By Kova Kft.<br \/>II.2. c\u00e9gjegyz\u00e9ksz\u00e1ma: 01-09-943288<br \/>II.3. sz\u00e9khelye: 1031 Budapest, R\u00f3mai part 37.<br \/>I.4. telefonos el\u00e9rhet\u0151s\u00e9ge: +36.70.299.55.95<br \/>II.5. e-mail c\u00edme: <a href=\"mailto:info@coconutwater.company\"><span class=\"s1\">info@coconutwater.company<\/span><\/a><br \/>II.6. adatv\u00e9delmi megb\u00edzott: Kov\u00e1cs L\u00e1szl\u00f3<\/p>\n<p class=\"p2\"><b>III. T\u00e1j\u00e9koztat\u00f3 arr\u00f3l, hogy \u00d6nnel kapcsolatosan milyen szem\u00e9lyes adatokat kezel\u00fcnk.<\/b><br \/>III.1. Amikor regisztr\u00e1l a <a href=\"http:\/\/www.coconutwatershop.com\"><span class=\"s2\">www.coconutwatershop.com<\/span><\/a>, <a href=\"http:\/\/www.coconutwater.company\"><span class=\"s2\">www.coconutwater.company<\/span><\/a>; <a href=\"http:\/\/www.dharmabykova.hu\"><span class=\"s2\">www.dharmabykova.hu<\/span><\/a> honlapokon, k\u00f6z\u00f6ss\u00e9gi m\u00e9diafel\u00fcleteken (<a href=\"https:\/\/www.facebook.com\/coconuteurope\"><span class=\"s2\">https:\/\/www.facebook.com\/coconuteurope<\/span><\/a><span class=\"s1\">; <a href=\"https:\/\/www.instagram.com\/coconutwater.company\/\"><span class=\"s2\">https:\/\/www.instagram.com\/coconutwater.company\/<\/span><\/a><\/span>) vagy ugyan ezeken a helyeken feliratkozik h\u00edrlevel\u00fcnkre, a webshopunkon kereszt\u00fcl term\u00e9ket, term\u00e9keket rendel vagy \u00fcgyf\u00e9lszolg\u00e1ltunkon felveszi vel\u00fcnk a kapcsolatot, az \u00d6n \u00e1ltal megadott szem\u00e9lyes adatait kezelj\u00fck.<\/p>\n<p class=\"p2\">III.2. A fentiek, illetve k\u00fcl\u00f6n\u00f6sen a IV.1. pontban felsoroltak sor\u00e1n, az al\u00e1bbi adatokat kezelj\u00fck: <br \/>III.2.1. n\u00e9v, sz\u00fclet\u00e9si n\u00e9v<br \/>III.2.2. lakc\u00edm, sz\u00e1ll\u00edt\u00e1si c\u00edm, banksz\u00e1mlasz\u00e1m<br \/>III.2.3. e-mail c\u00edm<br \/>III.2.4. telefonsz\u00e1m<br \/>III.2.5. valamint minden m\u00e1s, a vel\u00fcnk val\u00f3 kapcsolatfelv\u00e9tel sor\u00e1n (e-mail, telefon, k\u00f6z\u00f6ss\u00e9gi m\u00e9dia, szem\u00e9lyesen), sz\u00f3ban vagy \u00edr\u00e1sban rendelkez\u00e9s\u00fcnkre bocs\u00e1tott inform\u00e1ci\u00f3k<br \/>III.2.6. tart\u00f3zkod\u00e1si hely, sz\u00e1m\u00edt\u00f3g\u00e9pe vagy k\u00e9sz\u00fcl\u00e9ke val\u00f3s idej\u0171 IP-c\u00edm seg\u00edts\u00e9g\u00e9vel meghat\u00e1rozott f\u00f6ldrajzi elhelyezked\u00e9s\u00e9t, amennyiben \u00d6n helymeghat\u00e1roz\u00e1s alap\u00fa szolg\u00e1ltat\u00e1sokat haszn\u00e1l \u00e9s bekapcsolja azokat k\u00e9sz\u00fcl\u00e9k\u00e9n vagy sz\u00e1m\u00edt\u00f3g\u00e9p\u00e9n.<\/p>\n<p class=\"p2\">Adatkezel\u00e9si tev\u00e9kenys\u00e9geink el\u00e9rhet\u0151ek a <a href=\"http:\/\/www.coconutwatershop.com\"><span class=\"s2\">www.coconutwatershop.com<\/span><\/a> oldalon, ahol adatkezel\u00e9senk\u00e9nt tudja megtekinteni, hogy mely adatkezel\u00e9s eset\u00e9n mely szem\u00e9lyes adat\u00e1t kezelj\u00fck.<\/p>\n<p class=\"p2\"><b>IV. Milyen c\u00e9lb\u00f3l, milyen (jog)alapon, \u00e9s meddig kezelj\u00fck az \u00d6n adatait?<\/b><br \/>A szem\u00e9lyes adatok kezel\u00e9se eset\u00e9n egy\u00e9rtelm\u0171en kell meghat\u00e1rozni az adatkezel\u00e9s jogszer\u0171 c\u00e9lj\u00e1t.<\/p>\n<p class=\"p2\"><b>IV.1. Az adatkezel\u00e9sek c\u00e9ljai:<\/b><br \/>IV.1.1. A term\u00e9kek \u00e9s a c\u00e9g ir\u00e1nt \u00e9rdekl\u0151d\u0151k nyilv\u00e1ntart\u00e1sa, online \u00e9s offline rendel\u00e9sek felv\u00e9tele, ehhez a vev\u0151k adatainak t\u00e1rol\u00e1sa, \u00e1ltal\u00e1nos kapcsolattart\u00e1s \u00e9s inform\u00e1ci\u00f3 ad\u00e1s.<br \/>IV.1.2. Sz\u00e1ml\u00e1k kibocs\u00e1t\u00e1sa, elsz\u00e1mol\u00e1s a hat\u00f3s\u00e1gok fel\u00e9, a k\u00f6nyvel\u00e9si \u00e9s k\u00f6nyvvizsg\u00e1lati k\u00f6telezetts\u00e9g v\u00e9grehajt\u00e1sa, iratok meg\u0151rz\u00e9se.<br \/>IV.1.3. A viszontelad\u00f3kkal, besz\u00e1ll\u00edt\u00f3kkal val\u00f3 kapcsolattart\u00e1s, a halasztott, k\u00e9szp\u00e9nzes vagy bankk\u00e1rty\u00e1s fizet\u00e9ssel kapcsolatos adminisztr\u00e1ci\u00f3 lebonyol\u00edt\u00e1sa, nyilv\u00e1ntart\u00e1sa \u00e9s ut\u00f3k\u00f6vet\u00e9se<br \/>IV.1.4. K\u00fcl\u00f6nb\u00f6z\u0151 kedvezm\u00e9nyek, h\u00edrek biztos\u00edt\u00e1sa.<br \/>IV.1.5. Az \u00fcgyfelekkel val\u00f3 kapcsolat fenntart\u00e1sa, vit\u00e1s \u00e9s jogi \u00fcgyek kezel\u00e9se, a szolg\u00e1lat\u00e1s, kiszolg\u00e1l\u00e1s szintj\u00e9nek jav\u00edt\u00e1s\u00e1nak biztos\u00edt\u00e1sa.<br \/>IV.1.6. Adatai seg\u00edts\u00e9g\u00e9vel profilalkot\u00e1st v\u00e9gz\u00fcnk, hogy nem\u00e9nek, \u00e9letkor\u00e1rak, \u00e9s tart\u00f3zkod\u00e1si hely\u00e9re vonatkoz\u00f3an szem\u00e9lyre szabott (relev\u00e1ns) aj\u00e1nlatokat tudjunk tenni (h\u00edrlev\u00e9l, k\u00f6z\u00f6ss\u00e9gi m\u00e9dia, Google Adwords, Google Analytics).<br \/>IV.1.7. Marketing c\u00e9l\u00fa h\u00edrlevelek kik\u00fcld\u00e9se, nyerem\u00e9nyj\u00e1t\u00e9kok szervez\u00e9se, melyekben kedvezm\u00e9nyekr\u0151l, nyerem\u00e9nyr\u0151l, \u00faj term\u00e9kekr\u0151l, akci\u00f3kr\u00f3l, egy\u00e9b fontos inform\u00e1ci\u00f3kr\u00f3l (pl: nyitva tart\u00e1s v\u00e1ltoz\u00e1s) adunk t\u00e1j\u00e9koztat\u00e1st \u00e9s vessz\u00fck fel a kapcsolatot.<br \/>IV.1.8. Dolgoz\u00f3k c\u00e9ges e-mail c\u00edmmel t\u00f6rt\u00e9n\u0151 ell\u00e1t\u00e1sa, ez\u00e1ltal a hat\u00e9kony munkav\u00e9gz\u00e9s el\u0151seg\u00edt\u00e9se.<br \/>IV.1.9. Nyitott poz\u00edci\u00f3kra (\u00e1ll\u00e1s) jelentkez\u0151k r\u00e9sz\u00e9re, munkaaj\u00e1nlatok megk\u00fcld\u00e9se \u00e9s kapcsolatfelv\u00e9tel.<br \/>IV.1.10. A Dharma By Kova Kft. tulajdon\u00e1ban \u00e1ll\u00f3 v\u00e1llalati g\u00e9pj\u00e1rm\u0171vek rendeltet\u00e9sszer\u0171 haszn\u00e1lat\u00e1nak ellen\u0151rz\u00e9se, a vissza\u00e9l\u00e9sek elker\u00fcl\u00e9se c\u00e9lj\u00e1b\u00f3l.<br \/>IV.1.11. A munkav\u00e1llal\u00f3k, munkaszerz\u0151d\u00e9sek \u00e9s azok mell\u00e9kleteinek nyilv\u00e1ntart\u00e1s\u00e1val, a vonatkoz\u00f3 jogszab\u00e1lyoknak t\u00f6rt\u00e9n\u0151 megfelel\u00e9ssel kapcsolatos adatkezel\u00e9sek.<br \/>IV.1.14. A webfel\u00fcleten feltett k\u00e9rd\u00e9sekre t\u00f6rt\u00e9n\u0151 v\u00e1laszad\u00e1s.<\/p>\n<p class=\"p2\"><b>V.2. Mi az adatkezel\u00e9s\u00fcnk jogalapja?<\/b><br \/>V.2. 1. Adatkezel\u00e9seinket megk\u00fcl\u00f6nb\u00f6ztetj\u00fck, hogy azokat milyen jogalap szerint kezelj\u00fck. Kiz\u00e1r\u00f3lag valamely jogalap birtok\u00e1ban kezelj\u00fck az \u00d6n szem\u00e9lyes adatait, ezek a k\u00f6vetkez\u0151k:<br \/>V.2.1.1. Az adatkezel\u00e9s jogalapja szerz\u0151d\u00e9s teljes\u00edt\u00e9se (GDPR6. cikk b)), amennyiben \u00d6n v\u00e1s\u00e1rolt t\u0151l\u00fcnk vagy<br \/>V.2.1.2. Meg\u0151rizz\u00fck sz\u00e1mvitelei bizonylatainkat, hogy jogi k\u00f6telezetts\u00e9g\u00fcnket teljes\u00edts\u00fck (GDPR6. cikk c)), vagy<br \/>V.2.1.3. Az \u00d6n hozz\u00e1j\u00e1rul\u00e1sa sz\u00fcks\u00e9ges az adatkezel\u00e9s\u00fcnkh\u00f6z (GDPR6. cikk a)), A vonatkoz\u00f3 jogszab\u00e1lyok \u00e9rtelm\u00e9ben alapvet\u0151en csak 16. \u00e9let\u00e9v\u00fcket bet\u00f6lt\u0151 szem\u00e9lyek adatait kezelj\u00fck, enn\u00e9l fiatalabb szem\u00e9lyek adatait kiz\u00e1r\u00f3lag csak sz\u00fcl\u0151, vagy t\u00f6rv\u00e9nyes k\u00e9pvisel\u0151 hozz\u00e1j\u00e1rul\u00e1sa eset\u00e9n.<br \/>V.2.1.4. Adatait kezelheti az adatkezel\u0151 meghat\u00e1rozott jogos \u00e9rdek\u00e9nek \u00e9rv\u00e9nyes\u00edt\u00e9s\u00e9hez (GDPR6. cikk f)), \u00e9rdekm\u00e9rlegel\u00e9si teszt elv\u00e9gz\u00e9s\u00e9t k\u00f6vet\u0151en.<\/p>\n<p class=\"p2\"><b>VI.3. Meddig kezelj\u00fck adatait?<\/b><br \/>VI.3.1. A szem\u00e9lyes adatok meg\u0151rz\u00e9s\u00e9nek id\u0151tartama megegyezik a c\u00e9l el\u00e9r\u00e9s\u00e9vel (pl. az \u00fcgyf\u00e9lkapcsolat fenn\u00e1ll\u00e1sa, szerz\u0151d\u00e9s teljes\u00edt\u00e9se). Kiv\u00e9telt k\u00e9peznek, ha jogi k\u00f6telezetts\u00e9g\u00fcnket kell teljes\u00edten\u00fcnk (pl. sz\u00e1mviteli szab\u00e1lyok, munka\u00fcgy, hat\u00f3s\u00e1gi megkeres\u00e9s, b\u00edr\u00f3s\u00e1gi per, stb.), ilyen esetben a jogi k\u00f6telezetts\u00e9get el\u0151\u00edr\u00f3 jogszab\u00e1ly \u00e1ltal el\u0151\u00edrt id\u0151 letelt\u00e9ig, tov\u00e1bb\u00e1 addig, am\u00edg a jogos panaszokat, b\u00edr\u00f3s\u00e1gi \u00fcgyeket \u00e9s egy\u00e9b megkeres\u00e9seket kezelni tudjuk, valamint saj\u00e1t t\u00f6rv\u00e9nyes jogainkat meg tudjuk v\u00e9deni. Szint\u00e9n elt\u00e9r\u0151ek ett\u0151l a hozz\u00e1j\u00e1rul\u00e1son alapul\u00f3 adatkezel\u00e9sek, amelyek eset\u00e9n, ha \u00d6n visszavonja a hozz\u00e1j\u00e1rul\u00e1s\u00e1t, akkor az adatkezel\u00e9st nem lehet folytatni.<b><br \/><\/b>VI.3.2. Amennyiben a szem\u00e9lyes adatokra m\u00e1r nincs sz\u00fcks\u00e9g\u00fcnk, vagy \u00d6n visszavonja hozz\u00e1j\u00e1rul\u00e1s\u00e1t azokat biztons\u00e1gosan t\u00f6r\u00f6lj\u00fck, illetve megsemmis\u00edtj\u00fck.<\/p>\n<p class=\"p2\"><b>VII. Biztons\u00e1gban vannak adatai?<\/b><br \/>A szem\u00e9lyes adatok kezel\u00e9se sor\u00e1n kiemelt figyelmet ford\u00edtunk adatai biztons\u00e1g\u00e1ra, hogy azok semmik\u00e9ppen ne s\u00e9r\u00fcljenek, ne semmis\u00fcljenek meg, ne ker\u00fcljenek ki ellen\u0151rz\u00e9s\u00fcnk al\u00f3l. Ezek biztos\u00edt\u00e1s\u00e1ra t\u00f6bb fajta v\u00e9delmi int\u00e9zked\u00e9seket tesz\u00fcnk. (pl. technol\u00f3gia, fizikai v\u00e9delem, t\u0171zfal, SSL, szabv\u00e1nyok\/tan\u00fas\u00edtv\u00e1nyok, v\u00edrus\u00edrt\u00f3, online fizet\u00e9s, jelszavak, z\u00e1rt t\u00e1rol\u00f3, riaszt\u00f3, stb.)<\/p>\n<p class=\"p2\"><b>VIII. Tov\u00e1bb\u00edtjuk-e, k\u00f6z\u00f6lj\u00fck e m\u00e1ssal az adatait, azokat megosztjuk valahol?<\/b><br \/>VIII.1. Az \u00d6n szem\u00e9lyes adatait m\u00e1ssal nem k\u00f6z\u00f6lj\u00fck. Kiv\u00e9telt k\u00e9peznek a k\u00fcl\u00f6nb\u00f6z\u0151 hat\u00e1s\u00e1gok \u00e1ltali megkeres\u00e9sekre vonatkoz\u00f3 adatk\u00f6zl\u00e9sek. Ezekr\u0151l nyilv\u00e1ntart\u00e1st vezet\u00fcnk.<br \/>VIII.2. Harmadik orsz\u00e1g ter\u00fclet\u00e9re adattov\u00e1bb\u00edt\u00e1st nem v\u00e9gz\u00fcnk.<b><br \/><\/b>VIII. 3. Adatok megoszt\u00e1sa:<b><br \/><\/b>VIII.3.1. Szem\u00e9lyes adatait megoszthatjuk hitel- \u00e9s bet\u00e9ti k\u00e1rtya-kibocs\u00e1t\u00f3 \u00e9s online fizet\u00e9st bonyol\u00edt\u00f3 v\u00e1llalatokkal, melyeken kereszt\u00fcl \u00d6n fizet\u00e9st eszk\u00f6z\u00f6l.<br \/>VIII.3.2. Szem\u00e9lyes adatait megoszthatjuk a Global Investment Solutions Kft fut\u00e1rszolg\u00e1lattal, rendel\u00e9se k\u00e9zbes\u00edt\u00e9se vagy felmer\u00fclt panasz, illetve probl\u00e9ma kezel\u00e9se, megold\u00e1sa vagy tiszt\u00e1z\u00e1sa \u00e9rdek\u00e9ben.<\/p>\n<p class=\"p2\">VIII.3.3. Honlapjainkr\u00f3l (<a href=\"http:\/\/www.coconutwatershop.com\"><span class=\"s2\">www.coconutwatershop.com<\/span><\/a>, <a href=\"http:\/\/www.coconutwater.company\"><span class=\"s2\">www.coconutwater.company<\/span><\/a>; <a href=\"http:\/\/www.dharmabykova.hu\"><span class=\"s2\">www.dharmabykova.hu<\/span><\/a>) k\u00f6z\u00f6ss\u00e9gi m\u00e9diafel\u00fcletekre juthat (<a href=\"https:\/\/www.facebook.com\/coconuteurope\"><span class=\"s2\">https:\/\/www.facebook.com\/coconuteurope<\/span><\/a><span class=\"s1\">; <a href=\"https:\/\/www.instagram.com\/coconutwater.company\/\"><span class=\"s2\">https:\/\/www.instagram.com\/coconutwater.company\/<\/span><\/a><\/span>). Amennyiben ezeken a k\u00f6z\u00f6ss\u00e9gi fel\u00fcleteken \u00d6n regisztr\u00e1ci\u00f3val rendelkezik, hozz\u00e1f\u00e9rhet\u00fcnk azokhoz a szem\u00e9lyes adatokhoz, amelyeknek megoszt\u00e1s\u00e1r\u00f3l kor\u00e1bban ezeken a fel\u00fcleteken rendelkezett. Ezt annak \u00e9rdek\u00e9ben tessz\u00fck, hogy az \u00d6n sz\u00e1m\u00e1ra szem\u00e9lyess\u00e9 tegy\u00fck honlapjaink haszn\u00e1lat\u00e1t. Honlapjainkon el\u00e9rhet\u0151k a fenti k\u00f6z\u00f6ss\u00e9gi m\u00e9dia be\u00e9p\u00fcl\u0151 moduljai is, \u00edgy a k\u00f6z\u00f6ss\u00e9gi m\u00e9dia szolg\u00e1ltat\u00f3j\u00e1val megoszt\u00e1sra ker\u00fclnek az \u00d6nnel kapcsolatos inform\u00e1ci\u00f3k, azok adatlapj\u00e1n megjelenhetnek, \u00e9s a be\u00e1ll\u00edt\u00e1sokt\u00f3l f\u00fcgg\u0151en a k\u00f6z\u00f6ss\u00e9gi h\u00e1l\u00f3n megoszt\u00e1sra is ker\u00fclhetnek. A kellemetlens\u00e9gek elker\u00fcl\u00e9se \u00e9rdek\u00e9ben tekintse meg a k\u00f6z\u00f6ss\u00e9gi m\u00e9dia ezen szerepl\u0151inek adatv\u00e9delmi szab\u00e1lyzat\u00e1t, \u00e9s ellen\u0151rizze, m\u00f3dos\u00edtsa ottani be\u00e1ll\u00edt\u00e1sait.<\/p>\n<p class=\"p2\">VIII.3.4. S\u00fctik (cookies) \u00e9s nyomk\u00f6vet\u00e9s<br \/>Honlapjaink s\u00fctiket haszn\u00e1lnak. A s\u00fcti (cookie) egy inform\u00e1ci\u00f3csomag, amelyet a szerver k\u00fcld a webb\u00f6ng\u00e9sz\u0151nek, majd a b\u00f6ng\u00e9sz\u0151 visszak\u00fcld a szervernek minden, a szerver fel\u00e9 ir\u00e1ny\u00edtott k\u00e9r\u00e9s alkalm\u00e1val. A s\u00fctiket maga a webszerver hozza l\u00e9tre a b\u00f6ng\u00e9sz\u0151 seg\u00edts\u00e9g\u00e9vel a felhaszn\u00e1l\u00f3 g\u00e9p\u00e9n, ahol azok egy elk\u00fcl\u00f6n\u00edtett k\u00f6nyvt\u00e1rban ker\u00fclnek t\u00e1rol\u00e1sra. Leggyakrabban egy adott weboldal regisztr\u00e1lt felhaszn\u00e1l\u00f3inak azonos\u00edt\u00e1s\u00e1ra, \u201ebev\u00e1s\u00e1rl\u00f3kos\u00e1r\u201d nyilv\u00e1ntart\u00e1s\u00e1ra vagy l\u00e1togat\u00f3k nyomon k\u00f6vet\u00e9s\u00e9re haszn\u00e1lj\u00e1k. Tulajdonk\u00e9ppen a s\u00fctik a honlap l\u00e1togat\u00f3ink felismer\u00e9s\u00e9t \u00e9s nyomon k\u00f6vet\u00e9s\u00e9t szolg\u00e1lj\u00e1k, \u00e1ltaluk a Dharma By Kova Kft. az \u00d6nnek legmegfelel\u0151bb term\u00e9keket tudja szolg\u00e1ltatni, mert azok t\u00e1rolj\u00e1k az \u00d6n el\u00e9rhet\u0151s\u00e9gi adatait, \u00e9s azonos\u00edt\u00e1s\u00e1t. Az \u00d6n \u00e1ltal haszn\u00e1lt b\u00f6ng\u00e9sz\u0151k nagy t\u00f6bbs\u00e9ge elfogadja a s\u00fctiket, de be tuja \u00e1ll\u00edtani, hogy elutas\u00edtsa, vagy t\u00f6r\u00f6lje azokat. A b\u00f6ng\u00e9sz\u0151 \u201es\u00fag\u00f3\u201d szolg\u00e1taltat\u00e1sa seg\u00edts\u00e9get tud ny\u00fajtani abban, hogy a s\u00fctik kezel\u00e9s\u00e9t \u00edzl\u00e9s\u00e9nek megfelel\u0151en be\u00e1ll\u00edtsa. Tudnia kell, hogy ha letiltja a s\u00fctik fogad\u00e1s\u00e1t, akkor el\u0151fordulhat, hogy a honlap egyes funkci\u00f3i az \u00d6n sz\u00e1m\u00edt\u00f3g\u00e9p\u00e9n nem fognak megfelel\u0151en m\u0171k\u00f6dni. A Dharma By Kova Kft. \u00e1ltal haszn\u00e1lt s\u00fctik az \u00d6n sz\u00e1m\u00edt\u00f3g\u00e9p\u00e9n l\u00e9v\u0151 adatokat nem figyelik.<\/p>\n<p class=\"p2\">Az \u00d6n webhelyhaszn\u00e1lati szok\u00e1sai megfigyel\u00e9s\u00e9re szoftvert (pl: Google Analytics) haszn\u00e1lunk, az\u00e9rt, hogy a honlap fejleszt\u00e9s\u00e9hez ezeket az adatokat felhaszn\u00e1ljuk, de a szoftver nem r\u00f6gz\u00edti az \u00d6n szem\u00e9lyes adatait.<\/p>\n<p class=\"p2\"><b>IX. Milyen k\u00fcls\u0151 szolg\u00e1ltat\u00f3t (adatfeldolgoz\u00f3) vesz\u00fcnk ig\u00e9nybe?<\/b><\/p>\n<p class=\"p2\">Midennapi m\u0171k\u00f6d\u00e9s\u00fcnkh\u00f6z, honlapjaink m\u0171k\u00f6dtet\u00e9s\u00e9hez, szervereink fenntart\u00e1sa \u00e9rdek\u00e9ben az al\u00e1bbi k\u00fcls\u0151 szolg\u00e1ltat\u00f3kat vessz\u00fck ig\u00e9nybe adatfeldolgoz\u00f3k\u00e9nt:<\/p>\n<table cellspacing=\"0\" cellpadding=\"0\">\n<tbody>\n<tr>\n<td valign=\"middle\">\u00a0<\/td>\n<td valign=\"middle\">\n<p align=\"center\"><span style=\"color: #0f0f0f; font-family: Helvetica; font-size: medium;\"><b>N\u00e9v<\/b><\/span><\/p>\n<\/td>\n<td valign=\"middle\">\n<p align=\"center\"><span style=\"color: #0f0f0f; font-family: Helvetica; font-size: medium;\"><b>El\u00e9rhet\u0151s\u00e9g<\/b><\/span><\/p>\n<\/td>\n<td valign=\"middle\">\n<p align=\"center\"><span style=\"color: #0f0f0f; font-family: Helvetica; font-size: medium;\"><b>Tev\u00e9kenys\u00e9g<\/b><\/span><\/p>\n<\/td>\n<\/tr>\n<tr>\n<td valign=\"middle\">\n<p><span style=\"color: #0f0f0f; font-family: Helvetica; font-size: medium;\">IX.1.<\/span><\/p>\n<\/td>\n<td valign=\"middle\">\n<p><span style=\"color: #0f0f0f; font-family: Helvetica; font-size: medium;\">Global Investment Solutions Kft.<\/span><\/p>\n<\/td>\n<td valign=\"middle\">\n<p><span style=\"color: #0f0f0f; font-family: Helvetica; font-size: medium;\">2142 Nagytarcsa, Cinkotai u. 14.<\/span><\/p>\n<\/td>\n<td valign=\"middle\">\n<p><span style=\"color: #0f0f0f; font-family: Helvetica; font-size: medium;\">Rakt\u00e1roz\u00e1s, sz\u00e1ll\u00edtm\u00e1nyoz\u00e1s,logisztikai tev\u00e9kenys\u00e9g, fut\u00e1r szolg\u00e1ltat\u00e1s<\/span><\/p>\n<\/td>\n<\/tr>\n<tr>\n<td valign=\"middle\">\n<p><span style=\"color: #0f0f0f; font-family: Helvetica; font-size: medium;\">IX.2.<\/span><\/p>\n<\/td>\n<td valign=\"middle\">\n<p><span style=\"color: #0f0f0f; font-family: Helvetica; font-size: medium;\">FORPSI &#8211; BlazeArts Kft.<\/span><\/p>\n<\/td>\n<td valign=\"middle\">\n<p><span style=\"color: #0f0f0f; font-family: Helvetica; font-size: medium;\">6090 Kunszentmikl\u00f3s, Damjanich J. u. 36. 1\/8.<\/span><\/p>\n<\/td>\n<td valign=\"middle\">\n<p><span style=\"color: #0f0f0f; font-family: Helvetica; font-size: medium;\">domain regisztr\u00e1ci\u00f3, webt\u00e1rhely \u00e9s email t\u00e1rhely szolg\u00e1ltat\u00e1s, fejleszt\u00e9s \u00e9s karbantart\u00e1s<\/span><\/p>\n<\/td>\n<\/tr>\n<tr>\n<td valign=\"middle\">\n<p><span style=\"color: #0f0f0f; font-family: Helvetica; font-size: medium;\">IX.3.<\/span><\/p>\n<\/td>\n<td valign=\"middle\">\n<p><span style=\"color: #0f0f0f; font-family: Helvetica; font-size: medium;\">MB TAX Kft.<\/span><\/p>\n<\/td>\n<td valign=\"middle\">\n<p><span style=\"color: #0f0f0f; font-family: Helvetica; font-size: medium;\">1062 Budapest, Andr\u00e1ssy \u00fat 76.<\/span><\/p>\n<\/td>\n<td valign=\"middle\">\n<p><span style=\"color: #0f0f0f; font-family: Helvetica; font-size: medium;\">k\u00f6nyvel\u00e9s, b\u00e9rsz\u00e1mfejt\u00e9s, k\u00f6nyvvizsg\u00e1l\u00f3i tev\u00e9kenys\u00e9g<\/span><\/p>\n<\/td>\n<\/tr>\n<tr>\n<td valign=\"middle\">\n<p><span style=\"color: #0f0f0f; font-family: Helvetica; font-size: medium;\">IX.4.<\/span><\/p>\n<\/td>\n<td valign=\"middle\">\n<p><span style=\"color: #0f0f0f; font-family: Helvetica; font-size: medium;\"><a href=\"http:\/\/xn--szmlzz-qtac.hu\"><u>sz\u00e1ml\u00e1zz.hu<\/u><\/a> &#8211; <a href=\"http:\/\/kboss.hu\"><u>kboss.hu<\/u><\/a> Kft.<\/span><\/p>\n<\/td>\n<td valign=\"middle\">\n<p><span style=\"color: #0f0f0f; font-family: Helvetica; font-size: medium;\">1031 Budapest, Z\u00e1hony u. 7.<\/span><\/p>\n<\/td>\n<td valign=\"middle\">\n<p><span style=\"color: #0f0f0f; font-family: Helvetica; font-size: medium;\">sz\u00e1ml\u00e1z\u00f3 szoftver<\/span><\/p>\n<\/td>\n<\/tr>\n<tr>\n<td valign=\"middle\">\n<p><span style=\"color: #0f0f0f; font-family: Helvetica; font-size: medium;\">IX.5.<\/span><\/p>\n<\/td>\n<td valign=\"middle\">\n<p><span style=\"color: #0f0f0f; font-family: Helvetica; font-size: medium;\">MiniCRM Zrt.<\/span><\/p>\n<\/td>\n<td valign=\"middle\">\n<p><span style=\"color: #0f0f0f; font-family: Helvetica; font-size: medium;\">1075 Budapest, Mad\u00e1ch Imre \u00fat 13-14.<\/span><\/p>\n<\/td>\n<td valign=\"middle\">\n<p><span style=\"color: #0f0f0f; font-family: Helvetica; font-size: medium;\">V\u00e1llalatir\u00e1ny\u00edt\u00e1si rendszer \u00e9s sz\u00e1ml\u00e1z\u00f3 szoftver<\/span><\/p>\n<\/td>\n<\/tr>\n<tr>\n<td valign=\"middle\">\n<p><span style=\"color: #0f0f0f; font-family: Helvetica; font-size: medium;\">IX.6.<\/span><\/p>\n<\/td>\n<td valign=\"middle\">\n<p><span style=\"color: #0f0f0f; font-family: Helvetica; font-size: medium;\">Stripe<\/span><\/p>\n<\/td>\n<td valign=\"middle\">\n<p><span style=\"color: #0f0f0f; font-family: Helvetica; font-size: medium;\"><a href=\"https:\/\/stripe.com\/en-hu\/privacy\"><u>https:\/\/stripe.com\/en-hu\/privacy<\/u><\/a> &#8211; <a href=\"mailto:info@stripe.com\"><u>info@stripe.com<\/u><\/a><\/span><\/p>\n<\/td>\n<td valign=\"middle\">\n<p><span style=\"color: #0f0f0f; font-family: Helvetica; font-size: medium;\">K\u00e1rty\u00e1s fizet\u00e9si rendszer<\/span><\/p>\n<\/td>\n<\/tr>\n<tr>\n<td valign=\"middle\">\n<p><span style=\"color: #0f0f0f; font-family: Helvetica; font-size: medium;\">IX.7.<\/span><\/p>\n<\/td>\n<td valign=\"middle\">\n<p><span style=\"color: #0f0f0f; font-family: Helvetica; font-size: medium;\">PayPal<\/span><\/p>\n<\/td>\n<td valign=\"middle\">\n<p><span style=\"color: #0f0f0f; font-family: Helvetica; font-size: medium;\"><a href=\"https:\/\/www.paypal.com\/myaccount\/privacy\/privacyhub\"><u>https:\/\/www.paypal.com\/myaccount\/privacy\/privacyhub<\/u><\/a> &#8211; <a href=\"https:\/\/www.paypal.com\/hu\/smarthelp\/contact-us\"><u>https:\/\/www.paypal.com\/hu\/smarthelp\/contact-us<\/u><\/a><\/span><\/p>\n<\/td>\n<td valign=\"middle\">\n<p><span style=\"color: #0f0f0f; font-family: Helvetica; font-size: medium;\">PayPal fizet\u00e9si rendszer<\/span><\/p>\n<\/td>\n<\/tr>\n<tr>\n<td valign=\"middle\">\n<p><span style=\"color: #0f0f0f; font-family: Helvetica; font-size: medium;\">IX.8.<\/span><\/p>\n<\/td>\n<td valign=\"middle\">\n<p><span style=\"color: #0f0f0f; font-family: Helvetica; font-size: medium;\">Csillik L\u00e1szl\u00f3<\/span><\/p>\n<\/td>\n<td valign=\"middle\">\n<p><span style=\"color: #0f0f0f; font-family: Helvetica; font-size: medium;\">5137 J\u00e1szkis\u00e9r, Bocskay u.22.<\/span><\/p>\n<\/td>\n<td valign=\"middle\">\n<p><span style=\"color: #0f0f0f; font-family: Helvetica; font-size: medium;\">webshop fejleszt\u00e9s \u00e9s karbantart\u00e1s<\/span><\/p>\n<\/td>\n<\/tr>\n<tr>\n<td valign=\"middle\">\n<p><span style=\"color: #0f0f0f; font-family: Helvetica; font-size: medium;\">IX.9.<\/span><\/p>\n<\/td>\n<td valign=\"middle\">\n<p><span style=\"color: #0f0f0f; font-family: Helvetica; font-size: medium;\">SumUp<\/span><\/p>\n<\/td>\n<td valign=\"middle\">\n<p><span style=\"color: #0f0f0f; font-family: Helvetica; font-size: medium;\">SumUp EU Payments UAB &#8211; Konstitucijos Ave. 21b, 08130 Vilnius, Litv\u00e1nia<\/span><\/p>\n<\/td>\n<td valign=\"middle\">\n<p><span style=\"color: #0f0f0f; font-family: Helvetica; font-size: medium;\">K\u00e1rty\u00e1s fizet\u00e9si rendszer<\/span><\/p>\n<\/td>\n<\/tr>\n<\/tbody>\n<\/table>\n<p class=\"p1\">IX.11. Fenti adatfeldolgoz\u00f3k mindenben megfelelnek adatbiztons\u00e1gi k\u00f6vetelm\u00e9nyeknek.<\/p>\n<p class=\"p1\"><b>X. Hogyan \u00e9rv\u00e9nyes\u00fclnek az \u00d6n jogai \u00e9s szabads\u00e1gai?<\/b><br \/>X.1. Meghat\u00e1rozott esetekben jog\u00e1ban van az al\u00e1bbiakra:<br \/>X.1.2. \u00d6n b\u00e1rmikor inform\u00e1ci\u00f3t k\u00e9rhet t\u0151l\u00fcnk, hogy kezelj\u00fck-e az \u00d6n szem\u00e9lyes adatait, \u00e9s amennyiben igen, milyen adatokat \u00e9s milyen c\u00e9llal kezelj\u00fck azokat.<br \/>X.1.3. \u00d6n k\u00e9rheti, hogy hozz\u00e1f\u00e9rhessen azokhoz a szem\u00e9lyes adataihoz, melyeket kezel\u00fcnk.<br \/>X.1.4. K\u00e9rheti, hogy m\u00f3dos\u00edtsuk szem\u00e9lyes adatait, ez\u00faton pontos\u00edthatja vagy kieg\u00e9sz\u00edtheti azokat.<br \/>X.1.5. Amennyiben hozz\u00e1j\u00e1rul\u00e1s\u00e1n alapult az adatkezel\u00e9s, k\u00e9rheti adatainak t\u00f6rl\u00e9s\u00e9t, ezt meg is kell tenn\u00fcnk, amennyiben nincs alapos indokunk az adatok tov\u00e1bbi kezel\u00e9s\u00e9hez. Amennyiben az adatkezel\u00e9s ellen jogosan tiltakozott, szint\u00e9n k\u00e9rheti, hogy t\u00f6r\u00f6lj\u00fck adatait.<br \/>X.1.6. Tiltakozni az adatkezel\u00e9s, k\u00fcl\u00f6n\u00f6sen a szem\u00e9lyes adatai direktmarketinges c\u00e9lokb\u00f3l t\u00f6rt\u00e9n\u0151 adatkezel\u00e9s ellen, tov\u00e1bb\u00e1 az automatiz\u00e1lt egyedi d\u00f6nt\u00e9sek ellen, ide\u00e9rtve a profilalkot\u00e1st is.<br \/>X.1.7. K\u00e9rheti szem\u00e9lyes adatainak tov\u00e1bb\u00edt\u00e1s\u00e1t, elektronikus \u00e9s struktur\u00e1lt form\u00e1ban, saj\u00e1t maga vagy k\u00fcls\u0151 f\u00e9l sz\u00e1m\u00e1ra.<br \/>X.1.8. Hozz\u00e1j\u00e1rul\u00e1s\u00e1t b\u00e1rmikor visszavonhatja, ezt k\u00f6vet\u0151en m\u00e1r nem kezelhetj\u00fck tov\u00e1bb szem\u00e9lyes adatit.<br \/>X.2. Fenti jogainak gyakorl\u00e1sa ingyenes. T\u00falzott m\u00e9rt\u00e9k\u0171, megalapozatlan ig\u00e9nye teljes\u00edt\u00e9s\u00e9\u00e9rt \u00e9sszer\u0171 d\u00edjat sz\u00e1m\u00edthatunk fel, vagy ilyen esetekben megtagadjuk k\u00e9r\u00e9se teljes\u00edt\u00e9s\u00e9t.<br \/>X.3. Fentiekkel kapcsolatos ig\u00e9nyeit, k\u00e9rj\u00fck, hogy az info@coconutwater.company e-mail c\u00edmre k\u00fcldje meg.<br \/>XI. Adatkezel\u00e9si tev\u00e9kenys\u00e9geinket a <a href=\"http:\/\/www.coconutwatershop.com\"><span class=\"s1\">www.coconutwatershop.com<\/span><\/a> honlapon \u00e9rheti el.<\/p>\n<p class=\"p1\"><b>XII. Jogorvoslat<\/b><br \/>Amennyiben meg\u00edt\u00e9l\u00e9se szerint az \u00d6nre vonatkoz\u00f3 szem\u00e9lyes adatok kezel\u00e9se megs\u00e9rti az \u00e1ltal\u00e1nos adatv\u00e9delmi rendeletet, \u00fagy az adatkezel\u0151 adatv\u00e9delmi tisztvisel\u0151j\u00e9hez, a lak\u00f3helye vagy tart\u00f3zkod\u00e1si helye szerint illet\u00e9kes t\u00f6rv\u00e9nysz\u00e9khez fordulhat, valamint panaszt tehet a Nemzeti Adatv\u00e9delmi \u00e9s Inform\u00e1ci\u00f3szabads\u00e1g Hat\u00f3s\u00e1gn\u00e1l (1125 Budapest, Szil\u00e1gyi Erzs\u00e9bet fasor 22\/C; tel.: +36 (1) 391-1400; e-mail: ugyfelszolgalat@naih.hu; honlap: www.naih.hu).<\/p>\n<p><b>Az adatv\u00e9delmi ir\u00e1nyelv m\u00f3dos\u00edt\u00e1sai<\/b><br \/>Adatv\u00e9delmi ir\u00e1nyelv\u00fcnket sz\u00fcks\u00e9g eset\u00e9n m\u00f3dos\u00edtjuk, amennyiben rendelkez\u00fcnk elektronikus c\u00edm\u00e9vel, akkor \u00d6nt e-mailben \u00e9rtes\u00edtj\u00fck, \u00e9s a megv\u00e1ltoztatott ir\u00e1nyelvet honlapjainkon is k\u00f6zz\u00e9tessz\u00fck.<\/p>\n","protected":false},"excerpt":{"rendered":"<p>Datenschutz-Bestimmungen (Geschrieben in ungarischer Sprache) A Dharma By Kova Kft. adatv\u00e9delmi ir\u00e1nyelvei &nbsp; A szem\u00e9lyes adatai \u00e9s ez\u00e1ltal az \u00d6n jogainak \u00e9s szabads\u00e1gainak v\u00e9delme \u00e9rdek\u00e9ben a Dharma By Kova Kft&#8230;.<\/p>\n","protected":false},"author":1,"featured_media":0,"parent":0,"menu_order":0,"comment_status":"closed","ping_status":"open","template":"","meta":{"footnotes":""},"class_list":["post-330","page","type-page","status-publish"],"yoast_head":"<!-- This site is optimized with the Yoast SEO plugin v27.5 - https:\/\/yoast.com\/product\/yoast-seo-wordpress\/ -->\n<title>Datenschutz-Bestimmungen | CoCos Premium 100% Coconut Water Shop<\/title>\n<meta name=\"robots\" content=\"index, follow, max-snippet:-1, max-image-preview:large, max-video-preview:-1\" \/>\n<link rel=\"canonical\" href=\"https:\/\/coconutwatershop.com\/de\/datenschutz-bestimmungen\/\" \/>\n<meta property=\"og:locale\" content=\"de_DE\" \/>\n<meta property=\"og:type\" content=\"article\" \/>\n<meta property=\"og:title\" content=\"Datenschutz-Bestimmungen | CoCos Premium 100% Coconut Water Shop\" \/>\n<meta property=\"og:description\" content=\"Datenschutz-Bestimmungen (Geschrieben in ungarischer Sprache) A Dharma By Kova Kft. adatv\u00e9delmi ir\u00e1nyelvei &nbsp; A szem\u00e9lyes adatai \u00e9s ez\u00e1ltal az \u00d6n jogainak \u00e9s szabads\u00e1gainak v\u00e9delme \u00e9rdek\u00e9ben a Dharma By Kova Kft....\" \/>\n<meta property=\"og:url\" content=\"https:\/\/coconutwatershop.com\/de\/datenschutz-bestimmungen\/\" \/>\n<meta property=\"og:site_name\" content=\"CoCos Premium 100% Coconut Water Shop\" \/>\n<meta property=\"article:modified_time\" content=\"2022-02-24T15:00:43+00:00\" \/>\n<meta name=\"twitter:card\" content=\"summary_large_image\" \/>\n<meta name=\"twitter:label1\" content=\"Gesch\u00e4tzte Lesezeit\" \/>\n\t<meta name=\"twitter:data1\" content=\"13\u00a0Minuten\" \/>\n<script type=\"application\/ld+json\" class=\"yoast-schema-graph\">{\"@context\":\"https:\\\/\\\/schema.org\",\"@graph\":[{\"@type\":\"WebPage\",\"@id\":\"https:\\\/\\\/coconutwatershop.com\\\/de\\\/datenschutz-bestimmungen\\\/\",\"url\":\"https:\\\/\\\/coconutwatershop.com\\\/de\\\/datenschutz-bestimmungen\\\/\",\"name\":\"Datenschutz-Bestimmungen | CoCos Premium 100% Coconut Water Shop\",\"isPartOf\":{\"@id\":\"https:\\\/\\\/coconutwatershop.com\\\/de\\\/#website\"},\"datePublished\":\"2022-01-26T19:18:42+00:00\",\"dateModified\":\"2022-02-24T15:00:43+00:00\",\"breadcrumb\":{\"@id\":\"https:\\\/\\\/coconutwatershop.com\\\/de\\\/datenschutz-bestimmungen\\\/#breadcrumb\"},\"inLanguage\":\"de\",\"potentialAction\":[{\"@type\":\"ReadAction\",\"target\":[\"https:\\\/\\\/coconutwatershop.com\\\/de\\\/datenschutz-bestimmungen\\\/\"]}]},{\"@type\":\"BreadcrumbList\",\"@id\":\"https:\\\/\\\/coconutwatershop.com\\\/de\\\/datenschutz-bestimmungen\\\/#breadcrumb\",\"itemListElement\":[{\"@type\":\"ListItem\",\"position\":1,\"name\":\"Kezd\u0151lap\",\"item\":\"https:\\\/\\\/coconutwatershop.com\\\/de\\\/\"},{\"@type\":\"ListItem\",\"position\":2,\"name\":\"Datenschutz-Bestimmungen\"}]},{\"@type\":\"WebSite\",\"@id\":\"https:\\\/\\\/coconutwatershop.com\\\/de\\\/#website\",\"url\":\"https:\\\/\\\/coconutwatershop.com\\\/de\\\/\",\"name\":\"CoCos Premium 100% Coconut Water Shop\",\"description\":\"100% Pr\u00e9mium K\u00f3kuszv\u00edz\",\"potentialAction\":[{\"@type\":\"SearchAction\",\"target\":{\"@type\":\"EntryPoint\",\"urlTemplate\":\"https:\\\/\\\/coconutwatershop.com\\\/de\\\/?s={search_term_string}\"},\"query-input\":{\"@type\":\"PropertyValueSpecification\",\"valueRequired\":true,\"valueName\":\"search_term_string\"}}],\"inLanguage\":\"de\"}]}<\/script>\n<!-- \/ Yoast SEO plugin. -->","yoast_head_json":{"title":"Datenschutz-Bestimmungen | CoCos Premium 100% Coconut Water Shop","robots":{"index":"index","follow":"follow","max-snippet":"max-snippet:-1","max-image-preview":"max-image-preview:large","max-video-preview":"max-video-preview:-1"},"canonical":"https:\/\/coconutwatershop.com\/de\/datenschutz-bestimmungen\/","og_locale":"de_DE","og_type":"article","og_title":"Datenschutz-Bestimmungen | CoCos Premium 100% Coconut Water Shop","og_description":"Datenschutz-Bestimmungen (Geschrieben in ungarischer Sprache) A Dharma By Kova Kft. adatv\u00e9delmi ir\u00e1nyelvei &nbsp; A szem\u00e9lyes adatai \u00e9s ez\u00e1ltal az \u00d6n jogainak \u00e9s szabads\u00e1gainak v\u00e9delme \u00e9rdek\u00e9ben a Dharma By Kova Kft....","og_url":"https:\/\/coconutwatershop.com\/de\/datenschutz-bestimmungen\/","og_site_name":"CoCos Premium 100% Coconut Water Shop","article_modified_time":"2022-02-24T15:00:43+00:00","twitter_card":"summary_large_image","twitter_misc":{"Gesch\u00e4tzte Lesezeit":"13\u00a0Minuten"},"schema":{"@context":"https:\/\/schema.org","@graph":[{"@type":"WebPage","@id":"https:\/\/coconutwatershop.com\/de\/datenschutz-bestimmungen\/","url":"https:\/\/coconutwatershop.com\/de\/datenschutz-bestimmungen\/","name":"Datenschutz-Bestimmungen | CoCos Premium 100% Coconut Water Shop","isPartOf":{"@id":"https:\/\/coconutwatershop.com\/de\/#website"},"datePublished":"2022-01-26T19:18:42+00:00","dateModified":"2022-02-24T15:00:43+00:00","breadcrumb":{"@id":"https:\/\/coconutwatershop.com\/de\/datenschutz-bestimmungen\/#breadcrumb"},"inLanguage":"de","potentialAction":[{"@type":"ReadAction","target":["https:\/\/coconutwatershop.com\/de\/datenschutz-bestimmungen\/"]}]},{"@type":"BreadcrumbList","@id":"https:\/\/coconutwatershop.com\/de\/datenschutz-bestimmungen\/#breadcrumb","itemListElement":[{"@type":"ListItem","position":1,"name":"Kezd\u0151lap","item":"https:\/\/coconutwatershop.com\/de\/"},{"@type":"ListItem","position":2,"name":"Datenschutz-Bestimmungen"}]},{"@type":"WebSite","@id":"https:\/\/coconutwatershop.com\/de\/#website","url":"https:\/\/coconutwatershop.com\/de\/","name":"CoCos Premium 100% Coconut Water Shop","description":"100% Pr\u00e9mium K\u00f3kuszv\u00edz","potentialAction":[{"@type":"SearchAction","target":{"@type":"EntryPoint","urlTemplate":"https:\/\/coconutwatershop.com\/de\/?s={search_term_string}"},"query-input":{"@type":"PropertyValueSpecification","valueRequired":true,"valueName":"search_term_string"}}],"inLanguage":"de"}]}},"jetpack_sharing_enabled":true,"_links":{"self":[{"href":"https:\/\/coconutwatershop.com\/de\/wp-json\/wp\/v2\/pages\/330","targetHints":{"allow":["GET"]}}],"collection":[{"href":"https:\/\/coconutwatershop.com\/de\/wp-json\/wp\/v2\/pages"}],"about":[{"href":"https:\/\/coconutwatershop.com\/de\/wp-json\/wp\/v2\/types\/page"}],"author":[{"embeddable":true,"href":"https:\/\/coconutwatershop.com\/de\/wp-json\/wp\/v2\/users\/1"}],"replies":[{"embeddable":true,"href":"https:\/\/coconutwatershop.com\/de\/wp-json\/wp\/v2\/comments?post=330"}],"version-history":[{"count":2,"href":"https:\/\/coconutwatershop.com\/de\/wp-json\/wp\/v2\/pages\/330\/revisions"}],"predecessor-version":[{"id":411,"href":"https:\/\/coconutwatershop.com\/de\/wp-json\/wp\/v2\/pages\/330\/revisions\/411"}],"wp:attachment":[{"href":"https:\/\/coconutwatershop.com\/de\/wp-json\/wp\/v2\/media?parent=330"}],"curies":[{"name":"wp","href":"https:\/\/api.w.org\/{rel}","templated":true}]}}